{"id":3713,"date":"2018-04-24T19:39:43","date_gmt":"2018-04-24T19:39:43","guid":{"rendered":"http:\/\/easda.es\/wp\/?page_id=3713"},"modified":"2025-09-05T13:25:38","modified_gmt":"2025-09-05T11:25:38","slug":"asignaturas-especialidad","status":"publish","type":"page","link":"https:\/\/easda.es\/?page_id=3713","title":{"rendered":"Asignaturas Especialidad Interiores"},"content":{"rendered":"<p>[vc_row][vc_column][vc_row_inner][vc_column_inner]<div class=\"qodef-section-title-holder  qodef-st-standard qodef-st-title-left qodef-st-normal-space \" >\n\t<div class=\"qodef-st-inner\">\n\t\t\t\t\t<h2 class=\"qodef-st-title\" >\n\t\t\t\tAsignaturas Especialidad Dise\u00f1o de Interiores\t\t\t<\/h2>\n\t\t\t\t\t<\/div>\n<\/div>[vc_empty_space][\/vc_column_inner][\/vc_row_inner][vc_row_inner][vc_column_inner]<h3 class=\"qodef-custom-font-holder  qodef-cf-9997\"  data-item-class=\"qodef-cf-9997\">\n\tCurso 1\u00ba<\/h3>[vc_column_text]Espacio y volumen (ESPVOL)<br \/>\nProyectos b\u00e1sicos(*) (PROY)<br \/>\nDibujo y t\u00e9cnicas gr\u00e1ficas (DTG)<br \/>\nFundamentos cient\u00edficos del dise\u00f1o (FCIEN)<br \/>\nSistemas de Representaci\u00f3n (SREP)<br \/>\nFotograf\u00eda y medios audiovisuales (FMAUD)<br \/>\nLenguaje y t\u00e9cnicas digitales (LTDIG)<br \/>\nMediciones y presupuestos (MEDPRES)<br \/>\nDise\u00f1o b\u00e1sico (DBAS)<br \/>\nDise\u00f1o y empresa (DEMP)<br \/>\nFundamentos hist\u00f3ricos del dise\u00f1o (FHIST)<\/p>\n<p><a href=\"https:\/\/easda.es\/wp-content\/uploads\/2025\/09\/GD_DI_1.pdf\" target=\"_blank\" rel=\"noopener\">Gu\u00edas Docentes Asignaturas Curso 1\u00ba<\/a><\/p>\n<p>[\/vc_column_text][vc_empty_space height=\u00bb48px\u00bb][\/vc_column_inner][\/vc_row_inner][vc_row_inner][vc_column_inner]<h3 class=\"qodef-custom-font-holder  qodef-cf-9213\"  data-item-class=\"qodef-cf-9213\">\n\tCurso 2\u00ba<\/h3>[vc_column_text]Historia y Cultura del Dise\u00f1o de Interiores (HISTI)<br \/>\nInstalaciones y Sistemas (INSTSIS)<br \/>\nMateriales y estructuras (MATES)<br \/>\nProyectos de dise\u00f1o de Interiores 1(*) (PROYI1)<br \/>\nConstrucci\u00f3n (CONS)<br \/>\nCultura del Dise\u00f1o (CULT)<br \/>\nProyectos de dise\u00f1o de interiores 2(*) (PROYI2)<br \/>\nTecnolog\u00eda Digital Aplicada al Dise\u00f1o de Interiores (TECDIGI)<\/p>\n<p><a href=\"https:\/\/easda.es\/wp-content\/uploads\/2025\/09\/GD_DI_2.pdf\" target=\"_blank\" rel=\"noopener\">Gu\u00edas Docentes Asignaturas Curso 2\u00ba<\/a><\/p>\n<p>[\/vc_column_text][vc_empty_space height=\u00bb48px\u00bb][\/vc_column_inner][\/vc_row_inner][vc_row_inner][vc_column_inner]<h3 class=\"qodef-custom-font-holder  qodef-cf-7817\"  data-item-class=\"qodef-cf-7817\">\n\tCurso 3\u00ba<\/h3>[vc_column_text]Marketing y Comunicaci\u00f3n (MC)<br \/>\nProyectos de dise\u00f1o de interiores 3(*) (PROYI3)<br \/>\nTecnolog\u00eda digital aplicada al dise\u00f1o de interiores avanzado (TECDIGIA)<br \/>\nDirecci\u00f3n y Ejecuci\u00f3n de Obras (DO)<br \/>\nEst\u00e9tica y Tendencias Contempor\u00e1neas del Dise\u00f1o de Interiores (ETCDI)<br \/>\nGesti\u00f3n del Dise\u00f1o de Interiores (GDI)<br \/>\nProyectos de dise\u00f1o de interiores 4(*) (PROYI4)<\/p>\n<p><a href=\"https:\/\/easda.es\/wp-content\/uploads\/2025\/09\/GD_DI_3.pdf\" target=\"_blank\" rel=\"noopener\">Gu\u00edas Docentes Asignaturas Curso 3\u00ba<\/a><\/p>\n<p>[\/vc_column_text][vc_empty_space height=\u00bb48px\u00bb][\/vc_column_inner][\/vc_row_inner][vc_row_inner][vc_column_inner]<h3 class=\"qodef-custom-font-holder  qodef-cf-7215\"  data-item-class=\"qodef-cf-7215\">\n\tCurso 4\u00ba<\/h3>[vc_column_text]Pr\u00e1cticas externas (PEX)<br \/>\nMateriales y Estructuras Avanzado (MATESA)<br \/>\nPatolog\u00edas de la Edificaci\u00f3n (PE)<br \/>\nProyectos de Dise\u00f1o de Interiores 5(*) (PROYI5)<br \/>\nProyectos interdisciplinares (PROYI)<br \/>\nTaller de Presentaci\u00f3n y Comunicaci\u00f3n del Proyecto (TPCP)<br \/>\nTrabajo Fin de T\u00edtulo (TFT)<\/p>\n<p><a href=\"https:\/\/easda.es\/wp-content\/uploads\/2025\/09\/GD_DI_4.pdf\" target=\"_blank\" rel=\"noopener\">Gu\u00edas Docentes Asignaturas Curso 4\u00ba<\/a><\/p>\n<p>[vc_empty_space height=\u00bb24px\u00bb]<\/p>\n<p>(*) <a href=\"https:\/\/easda.es\/wp-content\/uploads\/2021\/03\/distribucion-contenido-Proyectos-EASDA_trilingue.pdf\" target=\"_blank\" rel=\"noopener\">Cuadro de distribuci\u00f3n de contenidos de las asignaturas de Proyectos (por cursos y especialidad)<\/a>[\/vc_column_text][vc_empty_space height=\u00bb48px\u00bb][\/vc_column_inner][\/vc_row_inner][\/vc_column][\/vc_row]<\/p>\n","protected":false},"excerpt":{"rendered":"<p>[vc_row][vc_column][vc_row_inner][vc_column_inner][vc_empty_space][\/vc_column_inner][\/vc_row_inner][vc_row_inner][vc_column_inner][vc_column_text]Espacio y volumen (ESPVOL) Proyectos b\u00e1sicos(*) (PROY) Dibujo y t\u00e9cnicas gr\u00e1ficas (DTG) Fundamentos cient\u00edficos del dise\u00f1o (FCIEN) Sistemas de Representaci\u00f3n (SREP) Fotograf\u00eda y medios audiovisuales (FMAUD) Lenguaje y t\u00e9cnicas digitales (LTDIG) Mediciones y presupuestos (MEDPRES) Dise\u00f1o b\u00e1sico (DBAS) Dise\u00f1o y [&hellip;]<\/p>\n","protected":false},"author":10,"featured_media":0,"parent":2768,"menu_order":0,"comment_status":"closed","ping_status":"closed","template":"","meta":{"footnotes":""},"class_list":["post-3713","page","type-page","status-publish","hentry"],"_links":{"self":[{"href":"https:\/\/easda.es\/index.php?rest_route=\/wp\/v2\/pages\/3713","targetHints":{"allow":["GET"]}}],"collection":[{"href":"https:\/\/easda.es\/index.php?rest_route=\/wp\/v2\/pages"}],"about":[{"href":"https:\/\/easda.es\/index.php?rest_route=\/wp\/v2\/types\/page"}],"author":[{"embeddable":true,"href":"https:\/\/easda.es\/index.php?rest_route=\/wp\/v2\/users\/10"}],"replies":[{"embeddable":true,"href":"https:\/\/easda.es\/index.php?rest_route=%2Fwp%2Fv2%2Fcomments&post=3713"}],"version-history":[{"count":17,"href":"https:\/\/easda.es\/index.php?rest_route=\/wp\/v2\/pages\/3713\/revisions"}],"predecessor-version":[{"id":19510,"href":"https:\/\/easda.es\/index.php?rest_route=\/wp\/v2\/pages\/3713\/revisions\/19510"}],"up":[{"embeddable":true,"href":"https:\/\/easda.es\/index.php?rest_route=\/wp\/v2\/pages\/2768"}],"wp:attachment":[{"href":"https:\/\/easda.es\/index.php?rest_route=%2Fwp%2Fv2%2Fmedia&parent=3713"}],"curies":[{"name":"wp","href":"https:\/\/api.w.org\/{rel}","templated":true}]}}