{"id":19985,"date":"2025-11-18T09:32:21","date_gmt":"2025-11-18T08:32:21","guid":{"rendered":"https:\/\/easda.es\/?page_id=19985"},"modified":"2026-04-23T12:25:55","modified_gmt":"2026-04-23T10:25:55","slug":"intranet_grados","status":"publish","type":"page","link":"https:\/\/easda.es\/?page_id=19985","title":{"rendered":"INTRANET_GRADOS"},"content":{"rendered":"\n<p><\/p>\n\n\n\n<p>[vc_row gap=\u00bb30&#8243;][vc_column][vc_row_inner][vc_column_inner][\/vc_column_inner][vc_column_inner][\/vc_column_inner][\/vc_row_inner][vc_row_inner][vc_column_inner]<div class=\"qodef-section-title-holder  qodef-st-standard qodef-st-title-left qodef-st-normal-space \" >\n\t<div class=\"qodef-st-inner\">\n\t\t\t\t\t<h2 class=\"qodef-st-title\" >\n\t\t\t\tIntranet_Grados\t\t\t<\/h2>\n\t\t\t\t\t<\/div>\n<\/div>[vc_empty_space height=\u00bb24px\u00bb][vc_column_text]<\/p>\n\n\n\n<p class=\"has-text-color has-link-color wp-elements-e925bc8b1a35447ce5b7444d33226d62\" style=\"color:#f80505\"><strong>Horario<\/strong><\/p>\n\n\n\n<ul class=\"wp-block-list\">\n<li><a href=\"https:\/\/easda.edupage.org\/timetable\/\">Horario p\u00fablico<\/a><\/li>\n\n\n\n<li><strong>Horario de Optativas<\/strong> (<a href=\"https:\/\/easda.es\/wp-content\/uploads\/2025\/09\/horarios-optativas.pdf\" data-type=\"link\" data-id=\"https:\/\/easda.es\/wp-content\/uploads\/2025\/09\/horarios-optativas.pdf\">SEMESTRE 1<\/a> \/ <a href=\"https:\/\/easda.es\/wp-content\/uploads\/2026\/02\/Horario-Optativas_SEM_2_25-26.pdf\" data-type=\"link\" data-id=\"https:\/\/easda.es\/wp-content\/uploads\/2026\/02\/Horario-Optativas_SEM_2_25-26.pdf\">SEMESTRE 2<\/a>)<\/li>\n<\/ul>\n\n\n\n<div style=\"height:10px\" aria-hidden=\"true\" class=\"wp-block-spacer\"><\/div>\n\n\n\n<p class=\"has-text-color has-link-color wp-elements-063f690d06ee97f11db70869775dffc0\" style=\"color:#f80505\"><strong>Calendarios<\/strong><\/p>\n\n\n\n<ul class=\"wp-block-list\">\n<li><a href=\"https:\/\/easda.es\/wp-content\/uploads\/2026\/01\/Grados-calendario-evaluaciones-semestres-25_26-4.pdf\" data-type=\"link\" data-id=\"https:\/\/easda.es\/wp-content\/uploads\/2026\/01\/Grados-calendario-evaluaciones-semestres-25_26-4.pdf\" target=\"_blank\" rel=\"noreferrer noopener\">Calendario evaluaciones semestres 25_26<\/a><\/li>\n\n\n\n<li><a href=\"https:\/\/easda.es\/wp-content\/uploads\/2025\/12\/GRADO-Evaluaciones-PAE-25_26.docx.pdf\" data-type=\"link\" data-id=\"https:\/\/easda.es\/wp-content\/uploads\/2025\/12\/GRADO-Evaluaciones-PAE-25_26.docx.pdf\">Calendario evaluaciones PAE 25_26<\/a><\/li>\n\n\n\n<li><a href=\"https:\/\/easda.es\/wp-content\/uploads\/2026\/04\/GRADO-Evaluaciones-TFG-25_26-8.pdf\" data-type=\"link\" data-id=\"https:\/\/easda.es\/wp-content\/uploads\/2026\/04\/GRADO-Evaluaciones-TFG-25_26-8.pdf\" target=\"_blank\" rel=\"noreferrer noopener\">Calendario evaluaciones TFG 25_26<\/a><\/li>\n<\/ul>\n\n\n\n<div style=\"height:7px\" aria-hidden=\"true\" class=\"wp-block-spacer\"><\/div>\n\n\n\n<p class=\"has-text-color has-link-color wp-elements-66647c731a9f0424f47ffcceb75a670b\" style=\"color:#f80505\"><\/p>\n\n\n\n<p class=\"has-text-color has-link-color wp-elements-1f6a0ef7afb318826aefa0c770c262a2\" style=\"color:#f80505\"><strong>Gu\u00edas docentes actividades de centro<\/strong><\/p>\n\n\n\n<p><a href=\"https:\/\/gvaedu.sharepoint.com\/:f:\/s\/DOCUMENTAR-03011124\/Ekhnu4wYd3VBkU-sYAE7lWsBU-z8dy6TmXXMnOM0_poE_w?e=Ostur1\">Gu\u00edas docentes<\/a> de las actividades de centro<\/p>\n\n\n\n<div style=\"height:10px\" aria-hidden=\"true\" class=\"wp-block-spacer\"><\/div>\n\n\n\n<p class=\"has-text-color has-link-color wp-elements-338f4203ea6c1d95556eb74d4d39fcdf\" style=\"color:#f80505\"><strong>Optativas planteadas curso 2026\/27<\/strong><\/p>\n\n\n\n<p><a href=\"https:\/\/easda.es\/wp-content\/uploads\/2026\/01\/Descripcion-optativas-planteadas-curso-26-27.pdf\" data-type=\"link\" data-id=\"https:\/\/easda.es\/wp-content\/uploads\/2026\/01\/Descripcion-optativas-planteadas-curso-26-27.pdf\">Descripci\u00f3n de optativas planteadas curso 2026\/27<\/a><\/p>\n\n\n\n<div style=\"height:6px\" aria-hidden=\"true\" class=\"wp-block-spacer\"><\/div>\n\n\n\n<p><\/p>\n\n\n\n<p class=\"has-text-color has-link-color wp-elements-3ec25a1e2bd7edf0f3195a663f78ded0\" style=\"color:#f80505\"><strong>Resoluci\u00f3n propuestas TFG<\/strong><\/p>\n\n\n\n<p><\/p>\n\n\n\n<p class=\"has-text-color has-link-color wp-elements-bf55dafb35ef905f9ec0deb0c8a7c62d\" style=\"color:#454a4fe0\"><strong>Convocatoria Ordinaria Junio 2025\/26:<\/strong><\/p>\n\n\n\n<ul class=\"wp-block-list\">\n<li><a href=\"https:\/\/easda.es\/wp-content\/uploads\/2025\/12\/ESDI_RESOLUCION-14-DICIEMBRE-PUBLICADO_firmado.pdf\" data-type=\"link\" data-id=\"https:\/\/easda.es\/wp-content\/uploads\/2025\/12\/ESDI_RESOLUCION-14-DICIEMBRE-PUBLICADO_firmado.pdf\">Dise\u00f1o de Interiores<\/a><\/li>\n\n\n\n<li><a href=\"https:\/\/easda.es\/wp-content\/uploads\/2025\/12\/Resolucion_propuestas_Junio_1a.pdf\" data-type=\"link\" data-id=\"https:\/\/easda.es\/wp-content\/uploads\/2025\/12\/Resolucion_propuestas_Junio_1a.pdf\">Dise\u00f1o Gr\u00e1fico<\/a><\/li>\n\n\n\n<li><a href=\"https:\/\/easda.es\/wp-content\/uploads\/2026\/01\/TFG_DP_Resolucion-Propuestas-convocatoria-junio_julio.pdf\" data-type=\"link\" data-id=\"https:\/\/easda.es\/wp-content\/uploads\/2026\/01\/TFG_DP_Resolucion-Propuestas-convocatoria-junio_julio.pdf\">Dise\u00f1o Producto<\/a><\/li>\n\n\n\n<li><a href=\"https:\/\/easda.es\/wp-content\/uploads\/2025\/12\/DM_TFG_Resolucion-Propuestas_1oCONV_junio_julio_25_26_signed.pdf\" data-type=\"link\" data-id=\"https:\/\/easda.es\/wp-content\/uploads\/2025\/12\/DM_TFG_Resolucion-Propuestas_1oCONV_junio_julio_25_26_signed.pdf\" target=\"_blank\" rel=\"noreferrer noopener\">Dise\u00f1o de Moda<\/a> \/ <a href=\"https:\/\/easda.es\/wp-content\/uploads\/2026\/02\/DM_TFG_Resolucion-Propuestas_1oCONV-3oINSTANCIA_Junio_julio_signed.pdf\" data-type=\"link\" data-id=\"https:\/\/easda.es\/wp-content\/uploads\/2026\/02\/DM_TFG_Resolucion-Propuestas_1oCONV-3oINSTANCIA_Junio_julio_signed.pdf\">3\u00aa Instancia<\/a> <\/li>\n<\/ul>\n\n\n\n<div style=\"height:20px\" aria-hidden=\"true\" class=\"wp-block-spacer\"><\/div>\n\n\n\n<p><strong>Convocatoria Ordinaria Febrero 2025\/26:<\/strong><\/p>\n\n\n\n<ul class=\"wp-block-list\">\n<li>Dise\u00f1o de Interiores: <a href=\"https:\/\/easda.es\/wp-content\/uploads\/2026\/01\/TFG_DI_Resolucion-Propuestas-convocatoria-febrero_firmado.pdf\" data-type=\"link\" data-id=\"https:\/\/easda.es\/wp-content\/uploads\/2026\/01\/TFG_DI_Resolucion-Propuestas-convocatoria-febrero_firmado.pdf\">Resoluci\u00f3n Propuestas<\/a> <\/li>\n\n\n\n<li>Dise\u00f1o Gr\u00e1fico:  <a href=\"https:\/\/easda.es\/wp-content\/uploads\/2026\/01\/TFG_DG_Resolucion-Propuestaas-convocatoria-febrero.pdf\" data-type=\"link\" data-id=\"https:\/\/easda.es\/wp-content\/uploads\/2026\/01\/TFG_DG_Resolucion-Propuestaas-convocatoria-febrero.pdf\">Resoluci\u00f3n Propuestas<\/a> \/ <a href=\"https:\/\/easda.es\/wp-content\/uploads\/2026\/01\/TFG_DG_Resolucion-informes_Febrero.pdf\" data-type=\"link\" data-id=\"https:\/\/easda.es\/wp-content\/uploads\/2026\/01\/TFG_DG_Resolucion-informes_Febrero.pdf\">Resoluci\u00f3n Informes<\/a><\/li>\n\n\n\n<li>Dise\u00f1o Producto:  <a href=\"https:\/\/easda.es\/wp-content\/uploads\/2026\/01\/TFG_DP_Resolucion-Propuestas-convocatoria-febrero-.pdf\" data-type=\"link\" data-id=\"https:\/\/easda.es\/wp-content\/uploads\/2026\/01\/TFG_DP_Resolucion-Propuestas-convocatoria-febrero-.pdf\">Resoluci\u00f3n Propuestas<\/a> <\/li>\n\n\n\n<li>Dise\u00f1o de Moda: <a href=\"https:\/\/easda.es\/wp-content\/uploads\/2026\/01\/TFG_DM_Resolucion-Propuestas_2oConv1oInst_febrero_junio_25_26_signed.pdf\" data-type=\"link\" data-id=\"https:\/\/easda.es\/wp-content\/uploads\/2026\/01\/TFG_DM_Resolucion-Propuestas_2oConv1oInst_febrero_junio_25_26_signed.pdf\">Resoluci\u00f3n Propuestas<\/a> <\/li>\n<\/ul>\n\n\n\n<div style=\"height:9px\" aria-hidden=\"true\" class=\"wp-block-spacer\"><\/div>\n\n\n\n<p class=\"has-text-color has-link-color wp-elements-0a77d7008f0d2f62bcb31e8a38ee071d\" style=\"color:#f80505\"><strong>Recogida de TFG<\/strong><\/p>\n\n\n\n<p class=\"has-text-color has-link-color wp-elements-f13da1462e6c33445ecf461397306309\" style=\"color:#454a4fe0\">Para recoger el TFG deber\u00e1s rellenar esta <a href=\"https:\/\/easda.es\/wp-content\/uploads\/2026\/02\/R_RecogidaTFG.pdf\" data-type=\"link\" data-id=\"https:\/\/easda.es\/wp-content\/uploads\/2026\/02\/R_RecogidaTFG.pdf\">plantilla<\/a> y enviarla al Director\/a de la Especialidad. Consulta el mail de los Directores\/as de Departamento de Especialidad en nuestro apartado <a href=\"https:\/\/easda.es\/?page_id=5602\" data-type=\"link\" data-id=\"https:\/\/easda.es\/?page_id=5602\">Estructura Organizativa<\/a>.<\/p>\n\n\n\n<div style=\"height:9px\" aria-hidden=\"true\" class=\"wp-block-spacer\"><\/div>\n\n\n\n<p class=\"has-text-color has-link-color wp-elements-6bc4e746e87a40586cb5c5097979400c\" style=\"color:#f80505\"><strong>Reserva de espacios<\/strong><\/p>\n\n\n\n<p><a href=\"https:\/\/gvaedu.sharepoint.com\/sites\/Section_03011124-C2\/Lists\/Plat\/calendar.aspx\">Plat\u00f3<\/a><br>.&nbsp;<a href=\"https:\/\/forms.cloud.microsoft\/pages\/responsepage.aspx?id=FBHdc33vx0CGaVadMufimxrFwIbt5_NPvBSqycOFqVlUM0lFTDFXMEtSUkdFS0U2TDU1MTlVNjM4Ry4u&amp;origin=lprLink&amp;route=shorturl\">Formulario para solicitar la reserva<\/a><br><br><a href=\"https:\/\/gvaedu.sharepoint.com\/sites\/Section_03011124-C2\/Lists\/Saln%20de%20actos\/calendar.aspx\">Sal\u00f3n de actos<\/a><\/p>\n\n\n\n<div style=\"height:25px\" aria-hidden=\"true\" class=\"wp-block-spacer\"><\/div>\n\n\n\n<hr class=\"wp-block-separator has-alpha-channel-opacity\"\/>\n\n\n\n<p class=\"has-text-color has-link-color wp-elements-66647c731a9f0424f47ffcceb75a670b\" style=\"color:#f80505\"><\/p>\n\n\n\n<div style=\"height:10px\" aria-hidden=\"true\" class=\"wp-block-spacer\"><\/div>\n\n\n\n<p class=\"has-text-color has-link-color wp-elements-651f437db0a197024540aee52cdb959d\" style=\"color:#f80505\"><strong>Aules, Identidad Digital y Artic<\/strong><\/p>\n\n\n\n<ul class=\"wp-block-list\">\n<li>Acceso a <a href=\"https:\/\/aules.edu.gva.es\/iseacv\/login\/index.php\" data-type=\"link\" data-id=\"https:\/\/aules.edu.gva.es\/iseacv\/login\/index.php\">Aules<\/a>: Las instrucciones para acceder se pueden consultar en \u00abAjuda per accedir\u00bb<\/li>\n\n\n\n<li>Acceso a la identidad digital: Puntos 5 y 9 de <a href=\"https:\/\/sway.cloud.microsoft\/xrObR23CIwfgR2Dg\">este documento<\/a><\/li>\n\n\n\n<li>Acceso a <a href=\"https:\/\/www.google.com\/url?q=https%3A%2F%2Fartic.edu.gva.es%2FARTIC%2Feasdalacant.do&amp;sa=D&amp;sntz=1&amp;usg=AOvVaw0Ld75bPlwy0DTfw9WJ08UB\">ARTIC<\/a>: si no recuerdas la contrase\u00f1a usa el bot\u00f3n \u00abHe olvidado mi contrase\u00f1a\u00bb<\/li>\n<\/ul>\n\n\n\n<div style=\"height:12px\" aria-hidden=\"true\" class=\"wp-block-spacer\"><\/div>\n\n\n\n<p class=\"has-text-color has-link-color wp-elements-d0c803b4063aa375750e0a91c54ae546\" style=\"color:#f80505\"><strong>Acceso a la WIFI<\/strong><\/p>\n\n\n\n<p>Se debe usar la red WIFI_EDU. Como credenciales, usad el usuario y contrase\u00f1a de acceso la identidad digital. Puedes consultar m\u00e1s informaci\u00f3n en <a href=\"https:\/\/sway.cloud.microsoft\/Qp0gHfeWIc3aLmQy\">este enlace<\/a>.<\/p>\n\n\n\n<div style=\"height:12px\" aria-hidden=\"true\" class=\"wp-block-spacer\"><\/div>\n\n\n\n<p class=\"has-text-color has-link-color wp-elements-58ddf5cae103902d6252a9c2a63b1bda\" style=\"color:#f80505\"><strong>Licencias de aplicaciones<\/strong><\/p>\n\n\n\n<ul class=\"wp-block-list\">\n<li>Adobe: las cuentas de <a href=\"https:\/\/www.adobe.com\/home\" target=\"_blank\" rel=\"noreferrer noopener\">Adobe<\/a> est\u00e1n asociadas a las identidades digitales. El alumnado y profesorado nuevo se ir\u00e1n incorporando progresivamente de manera automatizada. IMPORTANTE: Para entrar en Adobe no hay que utilizar el bot\u00f3n \u00abContinuar con Microsoft\u00bb hay que escribir la direcci\u00f3n de correo electr\u00f3nico en el campo correspondiente. <\/li>\n\n\n\n<li>Autodesk: se realizar\u00e1 directamente en la <a href=\"https:\/\/www.autodesk.com\/mx\/education\/home\" target=\"_blank\" rel=\"noreferrer noopener\">web de educaci\u00f3n de Autodesk<\/a>, proporcionando la matr\u00edcula en caso de ser estudiante, o contrato de docente, y el correo electr\u00f3nico corporativo @&#8230;.gva.es.<\/li>\n<\/ul>\n\n\n\n<p class=\"has-text-color has-link-color wp-elements-bc09fc8bd08851126a036cf5439a73c0\" style=\"color:#f80505\"><strong>Sistema de impresi\u00f3n<\/strong><\/p>\n\n\n\n<p>El usuario para el sistema de impresi\u00f3n es la identidad digital (lo que hay antes de la @ en el correo gva\/iseacv). Al principio de cada curso escolar la coordinaci\u00f3n TIC enviar\u00e1 por correo la contrase\u00f1a de cada usuario.<\/p>\n\n\n\n<p>En los siguientes dos enlaces dispon\u00e9is de los manuales para:<\/p>\n\n\n\n<ul class=\"wp-block-list\">\n<li>la<a href=\"https:\/\/easda.es\/wp-content\/uploads\/2020\/10\/Manual-de-impresion-USB-KYOCERA-1.pdf\">&nbsp;impresi\u00f3n y fotocopia<\/a><\/li>\n\n\n\n<li>el<a href=\"https:\/\/easda.es\/wp-content\/uploads\/2020\/10\/Manual-de-escaner-USB-KYOCERA-1.pdf\">&nbsp;escaneado de documentos<\/a><\/li>\n<\/ul>\n\n\n\n<p>Tambi\u00e9n se puede imprimir desde tu ordenador incluso desde fuera de la EASDA. Para ello hay que:<\/p>\n\n\n\n<ol class=\"wp-block-list\">\n<li>&nbsp;Instalar la aplicaci\u00f3n que encontrar\u00e1s en<a href=\"https:\/\/mp.cloud.papercut.com\/?token=eyJhbGciOiJSUzI1NiIsIm9yZyI6Im9yZy1YUUo1NktKMiIsInNydiI6InNydi0zR0dOU1JMSyIsInR5cCI6IkpXVCJ9.eyJpYXQiOjE2MTg0MTgyNjMsImlzcyI6InNydi0zR0dOU1JMSyIsImp0aSI6IjJSUzM5RFFMIiwibG5rIjoiMlJTMzlEUUwiLCJvcmciOiJvcmctWFFKNTZLSjIiLCJzcnYiOiJzcnYtM0dHTlNSTEsiLCJzdWIiOiJ0b2tlbkNyZWF0aW9uIn0.roQ9se_Pm1WjWZFbbPp6vJ7WCZ6OpZI-7eEEAV_TS75uWqxl_ZtAh6JcxdH2BBhgyUoBGVkRV52ufn_mbRJQpeWV9RVNK2x_Lalpga35kXw3H8tjGgfwzS1XolWIxVHwHUPP7C8OapD_pl7FRXdZ6d3xJIYYgOC3icZyr1_tYnOXiA-wWnsOAdAfW6k4lKJ2HL17txyvs0Lknmhq1qi3MD3vobm10C4Uuz7C88FIgFnpDdNaqYk1DzsKr8ELl0HchdYKCG7MNlT03USvEHGRMIoxxUDJgfaIhrcLzYSYORqFEIdAqxII7LNlsNi4cOrYxMpIGJ7iPj_8KEQY1jgBKwGHNX0AILbG68r158Hsp8OWUFYZE8TOvNU8SYd5cC-tU-Cx51FkhMmNRIWirCQdn2g6997T0ExCuhQpdHF7SX5OnQ2ogp0LamvMr79Uy1Ne4g49oT4lzbYd0aDXnyqvjFMARzeUVH1Yk0nSq7dsZWTrwd6jYGvAG_xo-nkwmhrv3NXwsjgqRFUcRoPj79lzGSqNt1LjuPKTOCbe7Cy0ZH50JRZs4IxWfokt6ldb2CxZjTaLqAtbU2NInWaHhTxv77z0y1jfgnIwglqsRc5QvkvCx796jt_9OIOY9dPMcDh7hLBV6I9cevU-upeMUeYDZexgGuzrPTYiZjPprocd-x4\">&nbsp;<\/a><a href=\"https:\/\/mp.cloud.papercut.com\/?token=eyJhbGciOiJSUzI1NiIsIm9yZyI6Im9yZy1BNzFOUDJSSiIsInNydiI6InNydi01V05UQVFDVyIsInR5cCI6IkpXVCJ9.eyJpYXQiOjE2MzY0NzgwNjgsImlzcyI6InNydi01V05UQVFDVyIsImp0aSI6Ik5aOVFLWUNOIiwibG5rIjoiTlo5UUtZQ04iLCJvcmciOiJvcmctQTcxTlAyUkoiLCJzcnYiOiJzcnYtNVdOVEFRQ1ciLCJzdWIiOiJ0b2tlbkNyZWF0aW9uIn0.lRcbMmA7xyWBnEch3DH-cyKJd58Z0-Dd2X_xiCiMjF52vjA6v2by6XnQ8wBACi-lWo6RrgLKdJUcYeOFYgFpDaiCUNutM6YTtoqyhrlIjto4jS92-khM82T0Cidz04tmwpk7CCBlc9mWYoHMwf4ackFlcd7pF6k7S87wCntUbXWCf_lgPObTrbTifwW9cwjKbXsEXpQ1BUPzP4mEHuFjMhDTd-jkra4sFiVw2H1u05K6DVPc2udHwtQMUDzBqr6o8fwFftzzTw9dGpqK_LYBK3bs8_YLC3y2OT8UJvFIvsqMpHsOIhFzep26JgkrG1Z-48-HWBMCRwKSqAqwDGWp-JCF9wHviUo5IBUqMltgE20Umhok0fE5rzXJfM89PGldmLLVTYCUdQ0GxNAUKxSK-T47yBNDhQ6g5hD7Lm58lL1y3GnQVpluDELWdcz_-RLQsphL4bz411VvLJQ1eCiR-I7qcgvszUyVmkGCYcUrb93MGJvGZIK4cHoW4hjwCyuqokFPQAkFOo9WL1_ixBFIxLTzTt4jyLtxKzoOfUX7kdR-PqIgxrX1Ryou5kFx9ad0l4tyAgTmxvIPgPwGeZTY-soCRqoxOD8h5tt4l2b9kYElTH96PxWvZ9rYLwEI0FLQl-4BOXplhKLXBxi4oL3RZ7l2ct2k5N1Y_KiBzG1uwHA\" target=\"_blank\" rel=\"noreferrer noopener\">este enlace<\/a>. Y sigue las instrucciones que se indican en la p\u00e1gina.<\/li>\n\n\n\n<li>Una vez instalada te crear\u00e1 una impresora denominada \u00abelite\u00bb en tu sistema operativo, como si fuera una impresora local.<\/li>\n\n\n\n<li>Para imprimir simplemente hay que seleccionar esa impresora y poner el&nbsp;usuario y contrase\u00f1a del sistema de impresi\u00f3n de la EASDA.<\/li>\n\n\n\n<li>Para recoger la impresi\u00f3n una vez en la EASDA, hay que pasar la tarjeta en la impresora y pulsar en \u00abLiberar impresi\u00f3n\u00bb. (Tendr\u00e1s hasta 7 d\u00edas para hacerlo una vez enviado a imprimir)<\/li>\n<\/ol>\n\n\n\n<p class=\"has-text-color has-link-color wp-elements-a167d6e6f18a3aa63f134ab654718b15\" style=\"color:#f80505\"><strong>Glosario de t\u00e9rminos<\/strong><\/p>\n\n\n\n<ul class=\"wp-block-list\">\n<li><a href=\"https:\/\/artic.edu.gva.es\/ARTIC\/easdalacant.do\" target=\"_blank\" rel=\"noreferrer noopener\"><em>Artic<\/em><\/a>: Es la aplicaci\u00f3n de gesti\u00f3n para los grados y el m\u00e1ster de la escuela. A ella pueden acceder tanto alumnado como profesorado. Para acceder necesitar\u00e1s el DNI\/NIE\/Pasaporte y la contrase\u00f1a. Si has olvidado tu contrase\u00f1a tienes un bot\u00f3n para recordarla, poniendo el DNI\/NIE\/Pasaporte te enviar\u00e1 un correo, a la direcci\u00f3n que diste de alta en la matr\u00edcula, con los datos de acceso.<\/li>\n\n\n\n<li><em>Aules<\/em>: Es la plataforma para la gesti\u00f3n de cursos en linea para los centros educativos de la Generalitat Valenciana. En la escuela utilizamos dos \u00absabores\u00bb:\n<ul class=\"wp-block-list\">\n<li><a href=\"https:\/\/aules.edu.gva.es\/especials\/\" target=\"_blank\" rel=\"noreferrer noopener\">Sabor Especiales<\/a>: Para los ciclos formativos<\/li>\n\n\n\n<li><a href=\"https:\/\/aules.edu.gva.es\/iseacv\/\" target=\"_blank\" rel=\"noreferrer noopener\">Sabor Grados ISEACV<\/a>: Para los grados y m\u00e1ster.<\/li>\n<\/ul>\n<\/li>\n\n\n\n<li><em>Itaca<\/em>: Es la aplicaci\u00f3n de gesti\u00f3n para los ciclos de la escuela. A ella solo puede acceder el profesorado.<\/li>\n\n\n\n<li><a href=\"https:\/\/familia.edu.gva.es\/wf-front\/myitaca\/login_wf?idioma=C\" target=\"_blank\" rel=\"noreferrer noopener\"><em>WebFamilia<\/em><\/a>: Es la aplicaci\u00f3n de comunicaci\u00f3n para las familias del alumnado de los ciclos de la escuela. Tambi\u00e9n podr\u00e1 tener acceso el propio alumnado de los ciclos siempre que sea mayor de edad. Para acceder a WebFamilia hay que solicitarlo en la administraci\u00f3n del centro mediante el impreso correspondiente. Puedes encontrar toda la informaci\u00f3n en <a href=\"https:\/\/portal.edu.gva.es\/itaca\/es\/que-es-web-familia\/\" target=\"_blank\" rel=\"noreferrer noopener\">este enlace<\/a>.<\/li>\n\n\n\n<li><em>Identidad digital<\/em>: Es una direcci\u00f3n de correo que identifica a cada alumno\/a. Lleva asociada una cuenta de Microsoft 365 con todos los servicios que implica: correo, calendario, oneDrive&#8230; <a href=\"https:\/\/portal.edu.gva.es\/identitatdigital\/es\/que_es_id\/\" target=\"_blank\" rel=\"noreferrer noopener\">tienes toda la informaci\u00f3n aqu\u00ed<\/a>.\n<ul class=\"wp-block-list\">\n<li>Para ciclos formativos tiene el formato xxxxxx@alu.edu.gva.es<\/li>\n\n\n\n<li>Para grados y m\u00e1ster tiene el formato  xxxxxx@alu.iseacv.gva.es<\/li>\n<\/ul>\n<\/li>\n\n\n\n<li><em>NIA<\/em>: Es el N\u00famero de Identificaci\u00f3n del Alumnado de la Generalitat Valenciana, es una combinaci\u00f3n de n\u00famero que identifica a cada alumno\/alumna de forma un\u00edvoca. El alumnado de ciclos lo necesita para acceder a Aules.<\/li>\n<\/ul>\n\n\n\n<hr class=\"wp-block-separator has-alpha-channel-opacity\"\/>\n\n\n\n<div style=\"height:14px\" aria-hidden=\"true\" class=\"wp-block-spacer\"><\/div>\n","protected":false},"excerpt":{"rendered":"<p>[vc_row gap=\u00bb30&#8243;][vc_column][vc_row_inner][vc_column_inner][\/vc_column_inner][vc_column_inner][\/vc_column_inner][\/vc_row_inner][vc_row_inner][vc_column_inner][vc_empty_space height=\u00bb24px\u00bb][vc_column_text] Horario Calendarios Gu\u00edas docentes actividades de centro Gu\u00edas docentes de las actividades de centro Optativas planteadas curso 2026\/27 Descripci\u00f3n de optativas planteadas curso 2026\/27 Resoluci\u00f3n propuestas TFG Convocatoria Ordinaria Junio 2025\/26: Convocatoria Ordinaria Febrero 2025\/26: Recogida de [&hellip;]<\/p>\n","protected":false},"author":8,"featured_media":0,"parent":0,"menu_order":0,"comment_status":"closed","ping_status":"closed","template":"","meta":{"footnotes":""},"class_list":["post-19985","page","type-page","status-publish","hentry"],"_links":{"self":[{"href":"https:\/\/easda.es\/index.php?rest_route=\/wp\/v2\/pages\/19985","targetHints":{"allow":["GET"]}}],"collection":[{"href":"https:\/\/easda.es\/index.php?rest_route=\/wp\/v2\/pages"}],"about":[{"href":"https:\/\/easda.es\/index.php?rest_route=\/wp\/v2\/types\/page"}],"author":[{"embeddable":true,"href":"https:\/\/easda.es\/index.php?rest_route=\/wp\/v2\/users\/8"}],"replies":[{"embeddable":true,"href":"https:\/\/easda.es\/index.php?rest_route=%2Fwp%2Fv2%2Fcomments&post=19985"}],"version-history":[{"count":57,"href":"https:\/\/easda.es\/index.php?rest_route=\/wp\/v2\/pages\/19985\/revisions"}],"predecessor-version":[{"id":21069,"href":"https:\/\/easda.es\/index.php?rest_route=\/wp\/v2\/pages\/19985\/revisions\/21069"}],"wp:attachment":[{"href":"https:\/\/easda.es\/index.php?rest_route=%2Fwp%2Fv2%2Fmedia&parent=19985"}],"curies":[{"name":"wp","href":"https:\/\/api.w.org\/{rel}","templated":true}]}}