{"id":19979,"date":"2025-11-18T09:11:02","date_gmt":"2025-11-18T08:11:02","guid":{"rendered":"https:\/\/easda.es\/?page_id=19979"},"modified":"2025-11-18T10:39:04","modified_gmt":"2025-11-18T09:39:04","slug":"intranet_profesorado","status":"publish","type":"page","link":"https:\/\/easda.es\/?page_id=19979","title":{"rendered":"INTRANET_PROFESORADO"},"content":{"rendered":"\n<div style=\"height:0px\" aria-hidden=\"true\" class=\"wp-block-spacer\"><\/div>\n\n\n\n<p>[vc_row gap=\u00bb30&#8243;][vc_column][vc_row_inner][vc_column_inner][\/vc_column_inner][vc_column_inner][\/vc_column_inner][\/vc_row_inner][vc_row_inner][vc_column_inner]<div class=\"qodef-section-title-holder  qodef-st-standard qodef-st-title-left qodef-st-normal-space \" >\n\t<div class=\"qodef-st-inner\">\n\t\t\t\t\t<h2 class=\"qodef-st-title\" >\n\t\t\t\tIntranet_ Profesorado\t\t\t<\/h2>\n\t\t\t\t\t<\/div>\n<\/div>[vc_empty_space height=\u00bb24px\u00bb][vc_column_text]<\/p>\n\n\n\n<p class=\"has-text-color has-link-color wp-elements-8df51f045531a5cd144fbaec3dc61b4a\" style=\"color:#f80505\"><strong>Acceso a la Intranet Profesorado<\/strong><\/p>\n\n\n\n<p>Para acceder a la <a href=\"https:\/\/gvaedu.sharepoint.com\/:u:\/r\/sites\/Section_03011124-C2\/SitePages\/Home.aspx?csf=1&amp;web=1&amp;e=cg4Evb\" data-type=\"link\" data-id=\"https:\/\/gvaedu.sharepoint.com\/:u:\/r\/sites\/Section_03011124-C2\/SitePages\/Home.aspx?csf=1&amp;web=1&amp;e=cg4Evb\">Intranet de Profesorado<\/a> debes disponer de una cuenta corporativa o identidad digital iseacv.gva.es.<\/p>\n\n\n\n<p>Puedes consultar m\u00e1s informaci\u00f3n sobre \u00e9stas en <a href=\"https:\/\/portal.edu.gva.es\/identitatdigital\/es\/que_es_id\/\" target=\"_blank\" rel=\"noreferrer noopener\">este enlace<\/a> (c\u00f3mo acceder, c\u00f3mo cambiar la contrase\u00f1a).<\/p>\n\n\n\n<div style=\"height:23px\" aria-hidden=\"true\" class=\"wp-block-spacer\"><\/div>\n\n\n\n<p class=\"has-text-color has-link-color wp-elements-5e205051cc4b3900f608134d81a59537\" style=\"color:#f80505\"><strong>Acceso a la WIFI<\/strong><\/p>\n\n\n\n<p>Se debe usar la red WIFI_EDU. Como credenciales, usad el usuario y contrase\u00f1a de acceso la identidad digital. Puedes consultar m\u00e1s informaci\u00f3n en <a href=\"https:\/\/sway.cloud.microsoft\/Qp0gHfeWIc3aLmQy\">este enlace<\/a>.<\/p>\n\n\n\n<div style=\"height:23px\" aria-hidden=\"true\" class=\"wp-block-spacer\"><\/div>\n\n\n\n<p class=\"has-text-color has-link-color wp-elements-58ddf5cae103902d6252a9c2a63b1bda\" style=\"color:#f80505\"><strong>Licencias de aplicaciones<\/strong><\/p>\n\n\n\n<ul class=\"wp-block-list\">\n<li>Adobe: las cuentas de <a href=\"https:\/\/www.adobe.com\/home\" target=\"_blank\" rel=\"noreferrer noopener\">Adobe<\/a> est\u00e1n asociadas a las identidades digitales. El alumnado y profesorado nuevo se ir\u00e1n incorporando progresivamente de manera automatizada. IMPORTANTE: Para entrar en Adobe no hay que utilizar el bot\u00f3n \u00abContinuar con Microsoft\u00bb hay que escribir la direcci\u00f3n de correo electr\u00f3nico en el campo correspondiente. <\/li>\n\n\n\n<li>Autodesk: se realizar\u00e1 directamente en la <a href=\"https:\/\/www.autodesk.com\/mx\/education\/home\" target=\"_blank\" rel=\"noreferrer noopener\">web de educaci\u00f3n de Autodesk<\/a>, proporcionando la matr\u00edcula en caso de ser estudiante, o contrato de docente, y el correo electr\u00f3nico corporativo @&#8230;.gva.es<br><\/li>\n<\/ul>\n\n\n\n<div style=\"height:23px\" aria-hidden=\"true\" class=\"wp-block-spacer\"><\/div>\n\n\n\n<p class=\"has-text-color has-link-color wp-elements-a167d6e6f18a3aa63f134ab654718b15\" style=\"color:#f80505\"><strong>Glosario de t\u00e9rminos<\/strong><\/p>\n\n\n\n<ul class=\"wp-block-list\">\n<li><a href=\"https:\/\/artic.edu.gva.es\/ARTIC\/easdalacant.do\" target=\"_blank\" rel=\"noreferrer noopener\"><em>Artic<\/em><\/a>: Es la aplicaci\u00f3n de gesti\u00f3n para los grados y el m\u00e1ster de la escuela. A ella pueden acceder tanto alumnado como profesorado. Para acceder necesitar\u00e1s el DNI\/NIE\/Pasaporte y la contrase\u00f1a. Si has olvidado tu contrase\u00f1a tienes un bot\u00f3n para recordarla, poniendo el DNI\/NIE\/Pasaporte te enviar\u00e1 un correo, a la direcci\u00f3n que diste de alta en la matr\u00edcula, con los datos de acceso.<\/li>\n\n\n\n<li><em>Aules<\/em>: Es la plataforma para la gesti\u00f3n de cursos en linea para los centros educativos de la Generalitat Valenciana. En la escuela utilizamos dos \u00absabores\u00bb:\n<ul class=\"wp-block-list\">\n<li><a href=\"https:\/\/aules.edu.gva.es\/especials\/\" target=\"_blank\" rel=\"noreferrer noopener\">Sabor Especiales<\/a>: Para los ciclos formativos<\/li>\n\n\n\n<li><a href=\"https:\/\/aules.edu.gva.es\/iseacv\/\" target=\"_blank\" rel=\"noreferrer noopener\">Sabor Grados ISEACV<\/a>: Para los grados y m\u00e1ster.<\/li>\n<\/ul>\n<\/li>\n\n\n\n<li><em>Itaca<\/em>: Es la aplicaci\u00f3n de gesti\u00f3n para los ciclos de la escuela. A ella solo puede acceder el profesorado.<\/li>\n\n\n\n<li><a href=\"https:\/\/familia.edu.gva.es\/wf-front\/myitaca\/login_wf?idioma=C\" target=\"_blank\" rel=\"noreferrer noopener\"><em>WebFamilia<\/em><\/a>: Es la aplicaci\u00f3n de comunicaci\u00f3n para las familias del alumnado de los ciclos de la escuela. Tambi\u00e9n podr\u00e1 tener acceso el propio alumnado de los ciclos siempre que sea mayor de edad. Para acceder a WebFamilia hay que solicitarlo en la administraci\u00f3n del centro mediante el impreso correspondiente. Puedes encontrar toda la informaci\u00f3n en <a href=\"https:\/\/portal.edu.gva.es\/itaca\/es\/que-es-web-familia\/\" target=\"_blank\" rel=\"noreferrer noopener\">este enlace<\/a>.<\/li>\n\n\n\n<li><em>Identidad digital<\/em>: Es una direcci\u00f3n de correo que identifica a cada alumno\/a. Lleva asociada una cuenta de Microsoft 365 con todos los servicios que implica: correo, calendario, oneDrive&#8230; <a href=\"https:\/\/portal.edu.gva.es\/identitatdigital\/es\/que_es_id\/\" target=\"_blank\" rel=\"noreferrer noopener\">tienes toda la informaci\u00f3n aqu\u00ed<\/a>.\n<ul class=\"wp-block-list\">\n<li>Para ciclos formativos tiene el formato xxxxxx@alu.edu.gva.es<\/li>\n\n\n\n<li>Para grados y m\u00e1ster tiene el formato  xxxxxx@alu.iseacv.gva.es<\/li>\n<\/ul>\n<\/li>\n\n\n\n<li><em>NIA<\/em>: Es el N\u00famero de Identificaci\u00f3n del Alumnado de la Generalitat Valenciana, es una combinaci\u00f3n de n\u00famero que identifica a cada alumno\/alumna de forma un\u00edvoca. El alumnado de ciclos lo necesita para acceder a Aules.<\/li>\n<\/ul>\n\n\n\n<div style=\"height:23px\" aria-hidden=\"true\" class=\"wp-block-spacer\"><\/div>\n\n\n\n<p><\/p>\n","protected":false},"excerpt":{"rendered":"<p>[vc_row gap=\u00bb30&#8243;][vc_column][vc_row_inner][vc_column_inner][\/vc_column_inner][vc_column_inner][\/vc_column_inner][\/vc_row_inner][vc_row_inner][vc_column_inner][vc_empty_space height=\u00bb24px\u00bb][vc_column_text] Acceso a la Intranet Profesorado Para acceder a la Intranet de Profesorado debes disponer de una cuenta corporativa o identidad digital iseacv.gva.es. Puedes consultar m\u00e1s informaci\u00f3n sobre \u00e9stas en este enlace (c\u00f3mo acceder, c\u00f3mo cambiar la contrase\u00f1a). [&hellip;]<\/p>\n","protected":false},"author":8,"featured_media":0,"parent":0,"menu_order":0,"comment_status":"closed","ping_status":"closed","template":"","meta":{"footnotes":""},"class_list":["post-19979","page","type-page","status-publish","hentry"],"_links":{"self":[{"href":"https:\/\/easda.es\/index.php?rest_route=\/wp\/v2\/pages\/19979","targetHints":{"allow":["GET"]}}],"collection":[{"href":"https:\/\/easda.es\/index.php?rest_route=\/wp\/v2\/pages"}],"about":[{"href":"https:\/\/easda.es\/index.php?rest_route=\/wp\/v2\/types\/page"}],"author":[{"embeddable":true,"href":"https:\/\/easda.es\/index.php?rest_route=\/wp\/v2\/users\/8"}],"replies":[{"embeddable":true,"href":"https:\/\/easda.es\/index.php?rest_route=%2Fwp%2Fv2%2Fcomments&post=19979"}],"version-history":[{"count":13,"href":"https:\/\/easda.es\/index.php?rest_route=\/wp\/v2\/pages\/19979\/revisions"}],"predecessor-version":[{"id":20058,"href":"https:\/\/easda.es\/index.php?rest_route=\/wp\/v2\/pages\/19979\/revisions\/20058"}],"wp:attachment":[{"href":"https:\/\/easda.es\/index.php?rest_route=%2Fwp%2Fv2%2Fmedia&parent=19979"}],"curies":[{"name":"wp","href":"https:\/\/api.w.org\/{rel}","templated":true}]}}