{"id":14337,"date":"2023-04-24T13:53:53","date_gmt":"2023-04-24T11:53:53","guid":{"rendered":"https:\/\/easda.es\/?page_id=14337"},"modified":"2024-10-10T14:30:10","modified_gmt":"2024-10-10T12:30:10","slug":"ciclo-formativo-de-grado-superior-cfgs-en-fotografia","status":"publish","type":"page","link":"https:\/\/easda.es\/?page_id=14337","title":{"rendered":"Ciclo Formativo de Grado Superior (CFGS) en Fotograf\u00eda"},"content":{"rendered":"<p>[vc_row gap=\u00bb30&#8243;][vc_column][vc_row_inner][vc_column_inner]<div class=\"avt_masterslider_el \" >\n\t\t<!-- MasterSlider -->\n\t\t<div id=\"P_MS69f0ba0e32d0c\" class=\"master-slider-parent msl ms-parent-id-61\" style=\"max-width:1200px;\">\n\n\t\t\t\n\t\t\t<!-- MasterSlider Main -->\n\t\t\t<div id=\"MS69f0ba0e32d0c\" class=\"master-slider ms-skin-default\" >\n\t\t\t\t \t\t\t\t \n\t\t\t\t<div  class=\"ms-slide\" data-delay=\"3\" data-fill-mode=\"fill\"  >\n\t\t\t\t\t<img decoding=\"async\" src=\"https:\/\/easda.es\/wp-content\/plugins\/master-slider\/public\/assets\/css\/blank.gif\" alt=\"\" title=\"\" data-src=\"https:\/\/easda.es\/wp-content\/uploads\/2023\/05\/CicloFoto_1.jpg\" \/>\n\n\n\t<div class=\"ms-thumb\" ><div class=\"ms-tab-context\"><div class=\"&quot;ms-tab-context&quot;\"><\/div><\/div>\n<\/div>\n\t\t\t\t<\/div>\n\t\t\t\t<div  class=\"ms-slide\" data-delay=\"3\" data-fill-mode=\"fill\"  >\n\t\t\t\t\t<img decoding=\"async\" src=\"https:\/\/easda.es\/wp-content\/plugins\/master-slider\/public\/assets\/css\/blank.gif\" alt=\"\" title=\"\" data-src=\"https:\/\/easda.es\/wp-content\/uploads\/2023\/05\/CicloFoto_3.jpg\" \/>\n\n\n\t<div class=\"ms-thumb\" ><div class=\"ms-tab-context\"><div class=\"&quot;ms-tab-context&quot;\"><\/div><\/div>\n<\/div>\n\t\t\t\t<\/div>\n\t\t\t\t<div  class=\"ms-slide\" data-delay=\"3\" data-fill-mode=\"fill\"  >\n\t\t\t\t\t<img decoding=\"async\" src=\"https:\/\/easda.es\/wp-content\/plugins\/master-slider\/public\/assets\/css\/blank.gif\" alt=\"\" title=\"\" data-src=\"https:\/\/easda.es\/wp-content\/uploads\/2023\/05\/CicloFoto_4.jpg\" \/>\n\n\n\t<div class=\"ms-thumb\" ><div class=\"ms-tab-context\"><div class=\"&quot;ms-tab-context&quot;\"><\/div><\/div>\n<\/div>\n\t\t\t\t<\/div>\n\t\t\t\t<div  class=\"ms-slide\" data-delay=\"3\" data-fill-mode=\"fill\"  >\n\t\t\t\t\t<img decoding=\"async\" src=\"https:\/\/easda.es\/wp-content\/plugins\/master-slider\/public\/assets\/css\/blank.gif\" alt=\"\" title=\"\" data-src=\"https:\/\/easda.es\/wp-content\/uploads\/2023\/05\/CicloFoto_2.jpg\" \/>\n\n\n\t<div class=\"ms-thumb\" ><div class=\"ms-tab-context\"><div class=\"&quot;ms-tab-context&quot;\"><\/div><\/div>\n<\/div>\n\t\t\t\t<\/div>\n\n\t\t\t<\/div>\n\t\t\t<!-- END MasterSlider Main -->\n\n\t\t\t \n\t\t<\/div>\n\t\t<!-- END MasterSlider -->\n\n\t\t<script>\n\t\t(function ( $ ) {\n\t\t\t\"use strict\";\n\n\t\t\t$(function () {\n\t\t\t\tvar masterslider_2d0c = new MasterSlider();\n\n\t\t\t\t\/\/ slider controls\n\n\t\t\t\t\/\/ slider setup\n\t\t\t\tmasterslider_2d0c.setup(\"MS69f0ba0e32d0c\", {\n\t\t\t\t\t\twidth           : 1200,\n\t\t\t\t\t\theight          : 800,\n\t\t\t\t\t\tminHeight       : 0,\n\t\t\t\t\t\tspace           : 0,\n\t\t\t\t\t\tstart           : 1,\n\t\t\t\t\t\tgrabCursor      : true,\n\t\t\t\t\t\tswipe           : true,\n\t\t\t\t\t\tmouse           : true,\n\t\t\t\t\t\tlayout          : \"boxed\",\n\t\t\t\t\t\twheel           : false,\n\t\t\t\t\t\tautoplay        : true,\n\t\t\t\t\t\tinstantStartLayers:false,\n\t\t\t\t\t\tloop            : true,\n\t\t\t\t\t\tshuffle         : false,\n\t\t\t\t\t\tpreload         : 0,\n\t\t\t\t\t\theightLimit     : true,\n\t\t\t\t\t\tautoHeight      : false,\n\t\t\t\t\t\tsmoothHeight    : true,\n\t\t\t\t\t\tendPause        : false,\n\t\t\t\t\t\toverPause       : false,\n\t\t\t\t\t\tfillMode        : \"fill\",\n\t\t\t\t\t\tcenterControls  : true,\n\t\t\t\t\t\tstartOnAppear   : false,\n\t\t\t\t\t\tlayersMode      : \"center\",\n\t\t\t\t\t\thideLayers      : false,\n\t\t\t\t\t\tfullscreenMargin: 0,\n\t\t\t\t\t\tspeed           : 20,\n\t\t\t\t\t\tdir             : \"h\",\n\t\t\t\t\t\tparallaxMode    : 'swipe',\n\t\t\t\t\t\tview            : \"fade\"\n\t\t\t\t});\n\n\t\t\t\t\n\t\t\t\twindow.masterslider_instances = window.masterslider_instances || [];\n\t\t\t\twindow.masterslider_instances.push( masterslider_2d0c );\n\t\t\t });\n\n\t\t})(jQuery);\n\t\t<\/script>\n\n<\/div>[vc_empty_space height=\u00bb48px\u00bb][\/vc_column_inner][\/vc_row_inner][vc_row_inner][vc_column_inner]<div class=\"qodef-section-title-holder  qodef-st-standard qodef-st-title-left qodef-st-normal-space \" >\n\t<div class=\"qodef-st-inner\">\n\t\t\t\t\t<h2 class=\"qodef-st-title\" >\n\t\t\t\tCiclo Formativo de Grado Superior (CFGS) en Fotograf\u00eda \t\t\t<\/h2>\n\t\t\t\t\t<\/div>\n<\/div>[vc_empty_space height=\u00bb24px\u00bb][vc_column_text]<\/p>\n<p><a href=\"https:\/\/dogv.gva.es\/datos\/2013\/09\/23\/pdf\/2013_9158.pdf\">DECRETO 126\/2013, de 20 de septiembre del Consell<\/a>, por el que se establece el curr\u00edculo de las ense\u00f1anzas art\u00edsticas profesionales correspondientes al t\u00edtulo de T\u00e9cnico Superior de Artes Pl\u00e1sticas y Dise\u00f1o en <strong>Fotograf\u00eda<\/strong>, perteneciente a la familia profesional art\u00edstica de Comunicaci\u00f3n Gr\u00e1fica y Audiovisual, en el \u00e1mbito de la Comunitat Valenciana.<\/p>\n<p><strong>Estar\u00e1s preparado\/a para:<\/strong><\/p>\n<ul>\n<li>Crear y realizar proyectos de fotograf\u00eda con calidad profesional tanto de forma anal\u00f3gica como digital.<\/li>\n<li>Elaborar trabajos fotogr\u00e1ficos profesionales en el mundo de la fotograf\u00eda de moda, interiores, producto, social, publicitaria, art\u00edstica ..\u2026<\/li>\n<li>Desarrollar el proceso fotogr\u00e1fico en todas sus etapas: Realizaci\u00f3n, procesado, postproducci\u00f3n y presentaci\u00f3n.<\/li>\n<li>Revelar y editar tomas fotogr\u00e1ficas usando m\u00e9todos comunicativos profesionales.<\/li>\n<\/ul>\n<p>[\/vc_column_text][\/vc_column_inner][\/vc_row_inner][\/vc_column][\/vc_row][vc_row][vc_column][vc_empty_space height=\u00bb45px\u00bb][\/vc_column][\/vc_row]<\/p>\n","protected":false},"excerpt":{"rendered":"<p>[vc_row gap=\u00bb30&#8243;][vc_column][vc_row_inner][vc_column_inner][vc_empty_space height=\u00bb48px\u00bb][\/vc_column_inner][\/vc_row_inner][vc_row_inner][vc_column_inner][vc_empty_space height=\u00bb24px\u00bb][vc_column_text] DECRETO 126\/2013, de 20 de septiembre del Consell, por el que se establece el curr\u00edculo de las ense\u00f1anzas art\u00edsticas profesionales correspondientes al t\u00edtulo de T\u00e9cnico Superior de Artes Pl\u00e1sticas y Dise\u00f1o en Fotograf\u00eda, perteneciente a la [&hellip;]<\/p>\n","protected":false},"author":8,"featured_media":0,"parent":2758,"menu_order":0,"comment_status":"closed","ping_status":"closed","template":"","meta":{"footnotes":""},"class_list":["post-14337","page","type-page","status-publish","hentry"],"_links":{"self":[{"href":"https:\/\/easda.es\/index.php?rest_route=\/wp\/v2\/pages\/14337","targetHints":{"allow":["GET"]}}],"collection":[{"href":"https:\/\/easda.es\/index.php?rest_route=\/wp\/v2\/pages"}],"about":[{"href":"https:\/\/easda.es\/index.php?rest_route=\/wp\/v2\/types\/page"}],"author":[{"embeddable":true,"href":"https:\/\/easda.es\/index.php?rest_route=\/wp\/v2\/users\/8"}],"replies":[{"embeddable":true,"href":"https:\/\/easda.es\/index.php?rest_route=%2Fwp%2Fv2%2Fcomments&post=14337"}],"version-history":[{"count":10,"href":"https:\/\/easda.es\/index.php?rest_route=\/wp\/v2\/pages\/14337\/revisions"}],"predecessor-version":[{"id":17281,"href":"https:\/\/easda.es\/index.php?rest_route=\/wp\/v2\/pages\/14337\/revisions\/17281"}],"up":[{"embeddable":true,"href":"https:\/\/easda.es\/index.php?rest_route=\/wp\/v2\/pages\/2758"}],"wp:attachment":[{"href":"https:\/\/easda.es\/index.php?rest_route=%2Fwp%2Fv2%2Fmedia&parent=14337"}],"curies":[{"name":"wp","href":"https:\/\/api.w.org\/{rel}","templated":true}]}}